{"id":1456,"date":"2021-04-20T14:21:15","date_gmt":"2021-04-20T12:21:15","guid":{"rendered":"https:\/\/halbmarathon-reinickendorf.de\/?page_id=1456"},"modified":"2021-04-20T14:21:15","modified_gmt":"2021-04-20T12:21:15","slug":"news","status":"publish","type":"page","link":"https:\/\/sctf-events.de\/halbmarathon\/news\/","title":{"rendered":"News"},"content":{"rendered":"<div class=\"fusion-fullwidth fullwidth-box fusion-builder-row-1 nonhundred-percent-fullwidth non-hundred-percent-height-scrolling\" style=\"--awb-border-radius-top-left:0px;--awb-border-radius-top-right:0px;--awb-border-radius-bottom-right:0px;--awb-border-radius-bottom-left:0px;--awb-flex-wrap:wrap;\" ><div class=\"fusion-builder-row fusion-row\"><div class=\"fusion-layout-column fusion_builder_column fusion-builder-column-0 fusion_builder_column_1_1 1_1 fusion-one-full fusion-column-first fusion-column-last\" style=\"--awb-bg-size:cover;\"><div class=\"fusion-column-wrapper fusion-column-has-shadow fusion-flex-column-wrapper-legacy\"><div class=\"fusion-blog-shortcode fusion-blog-shortcode-1 fusion-blog-archive fusion-blog-layout-grid-wrapper fusion-blog-infinite myGrid\"><style type=\"text\/css\">.fusion-blog-shortcode-1 .fusion-blog-layout-grid .fusion-post-grid{padding:20px;}.fusion-blog-shortcode-1 .fusion-posts-container{margin-left: -20px !important; margin-right:-20px !important;}<\/style><div class=\"fusion-posts-container fusion-posts-container-infinite fusion-blog-rollover fusion-blog-layout-grid fusion-blog-layout-grid-2 isotope fusion-blog-equal-heights\" data-pages=\"2\" data-grid-col-space=\"40\" style=\"margin: -20px -20px 0;min-height:500px;\"><article id=\"blog-1-post-2485\" class=\"fusion-post-grid post-2485 post type-post status-publish format-standard has-post-thumbnail hentry category-allgemein\">\n<div class=\"fusion-post-wrapper\" style=\"background-color:rgba(255,255,255,0);border:1px solid #ebeaea;border-bottom-width:3px;\">\n\n\t\t\t<div class=\"fusion-flexslider flexslider fusion-flexslider-loading fusion-post-slideshow\" style=\"border-color:#ebeaea;\">\n\t\t<ul class=\"slides\">\n\t\t\t\n\t\t\t\t\t\t\t\t\t\t\t\t\t\t<li><div  class=\"fusion-image-wrapper\" aria-haspopup=\"true\">\n\t\t\t\t<img decoding=\"async\" width=\"1000\" height=\"750\" src=\"https:\/\/sctf-events.de\/halbmarathon\/wp-content\/uploads\/2023\/03\/H7K-2023-NicoleVolz-scaled-e1679305640313.jpg\" class=\"attachment-full size-full lazyload wp-post-image\" alt=\"\" srcset=\"data:image\/svg+xml,%3Csvg%20xmlns%3D%27http%3A%2F%2Fwww.w3.org%2F2000%2Fsvg%27%20width%3D%271000%27%20height%3D%27750%27%20viewBox%3D%270%200%201000%20750%27%3E%3Crect%20width%3D%271000%27%20height%3D%27750%27%20fill-opacity%3D%220%22%2F%3E%3C%2Fsvg%3E\" data-orig-src=\"https:\/\/sctf-events.de\/halbmarathon\/wp-content\/uploads\/2023\/03\/H7K-2023-NicoleVolz-scaled-e1679305640313.jpg\" data-srcset=\"https:\/\/sctf-events.de\/halbmarathon\/wp-content\/uploads\/2023\/03\/H7K-2023-NicoleVolz-scaled-e1679305640313-200x150.jpg 200w, https:\/\/sctf-events.de\/halbmarathon\/wp-content\/uploads\/2023\/03\/H7K-2023-NicoleVolz-scaled-e1679305640313-400x300.jpg 400w, https:\/\/sctf-events.de\/halbmarathon\/wp-content\/uploads\/2023\/03\/H7K-2023-NicoleVolz-scaled-e1679305640313-600x450.jpg 600w, https:\/\/sctf-events.de\/halbmarathon\/wp-content\/uploads\/2023\/03\/H7K-2023-NicoleVolz-scaled-e1679305640313-800x600.jpg 800w, https:\/\/sctf-events.de\/halbmarathon\/wp-content\/uploads\/2023\/03\/H7K-2023-NicoleVolz-scaled-e1679305640313.jpg 1000w\" data-sizes=\"auto\" \/><div class=\"fusion-rollover\">\n\t<div class=\"fusion-rollover-content\">\n\n\t\t\t\t\t\t\t\t\t\t\t\t\t\t<a class=\"fusion-rollover-link\" href=\"https:\/\/sctf-events.de\/halbmarathon\/2023\/03\/20\/27-hallen-siebenkampf-2023-teamgeist-in-der-rudolf-harbig-halle\/\">27. Hallen-Siebenkampf 2023 &#8211; Teamgeist in der Rudolf Harbig Halle!<\/a>\n\t\t\t\n\t\t\t\t\t\t\t\t\t\t\t\t\t\t\n\t\t\t\t\t\t\t\t\n\t\t\t\t\t\t\t\t\t\t\t\t\t<div class=\"fusion-rollover-sep\"><\/div>\n\t\t\t\t\n\t\t\t\t\t\t\t\t\t\t\t\t\t\t\t\t\t\t<a class=\"fusion-rollover-gallery\" href=\"https:\/\/sctf-events.de\/halbmarathon\/wp-content\/uploads\/2023\/03\/H7K-2023-NicoleVolz-scaled-e1679305640313.jpg\" data-options=\"\" data-id=\"2485\" data-rel=\"iLightbox[gallery]\" data-title=\"H7K-2023-NicoleVolz\" data-caption=\"\">\n\t\t\t\t\t\tGallerie\t\t\t\t\t<\/a>\n\t\t\t\t\t\t\t\t\t\t\t\t\t\t\n\t\t\n\t\t\t\t\t\t\t\t\t\t\t\t<h4 class=\"fusion-rollover-title\">\n\t\t\t\t\t<a class=\"fusion-rollover-title-link\" href=\"https:\/\/sctf-events.de\/halbmarathon\/2023\/03\/20\/27-hallen-siebenkampf-2023-teamgeist-in-der-rudolf-harbig-halle\/\">\n\t\t\t\t\t\t27. Hallen-Siebenkampf 2023 &#8211; Teamgeist in der Rudolf Harbig Halle!\t\t\t\t\t<\/a>\n\t\t\t\t<\/h4>\n\t\t\t\n\t\t\t\t\t\t\t\t\t\t<div class=\"fusion-rollover-categories\"><a href=\"https:\/\/sctf-events.de\/halbmarathon\/category\/allgemein\/\" rel=\"tag\">Alle<\/a><\/div>\t\t\t\t\t\n\t\t\n\t\t\t\t\t\t<a class=\"fusion-link-wrapper\" href=\"https:\/\/sctf-events.de\/halbmarathon\/2023\/03\/20\/27-hallen-siebenkampf-2023-teamgeist-in-der-rudolf-harbig-halle\/\" aria-label=\"27. Hallen-Siebenkampf 2023 &#8211; Teamgeist in der Rudolf Harbig Halle!\"><\/a>\n\t<\/div>\n<\/div>\n<\/div>\n<\/li>\n\t\t\t\n\t\t\t\n\t\t\t\t\t\t\t\t\t\t\t\t\t\t\t\t\t\t\t\t\t\t\t\t\t\t\t\t\t\t\t\t\t\t\t\t\t\t\t\t\t\t\t\t\t\t\t\t\t\t\t\t\t\t\t\t\t\t\t\t\t\t\t\t\t\t\t\t<\/ul>\n\t<\/div>\n\t<div class=\"fusion-post-content-wrapper\" style=\"padding:30px 25px 20px 25px;\"><div class=\"fusion-post-content post-content\"><h2 class=\"blog-shortcode-post-title entry-title\"><a href=\"https:\/\/sctf-events.de\/halbmarathon\/2023\/03\/20\/27-hallen-siebenkampf-2023-teamgeist-in-der-rudolf-harbig-halle\/\">27. Hallen-Siebenkampf 2023 &#8211; Teamgeist in der Rudolf Harbig Halle!<\/a><\/h2><p class=\"fusion-single-line-meta\"><span class=\"vcard\" style=\"display: none;\"><span class=\"fn\"><a href=\"https:\/\/sctf-events.de\/halbmarathon\/author\/wesner\/\" title=\"Beitr\u00e4ge von Marco\" rel=\"author\">Marco<\/a><\/span><\/span><span class=\"updated\" style=\"display:none;\">2023-03-20T11:03:49+01:00<\/span><span>20.03.23<\/span><span class=\"fusion-inline-sep\">|<\/span><\/p><div class=\"fusion-content-sep sep-double sep-solid\"><\/div><div class=\"fusion-post-content-container\"><p> \u201eMehrkampf ist ein Teamsport\u201c - dieses Motto war beim 27. Hallen-Siebenkampf am 11.\/12. M\u00e4rz, in der Rudolf Harbig Halle, bis zum Schluss sp\u00fcrbar. Dabei waren die beiden Wettkampftage nicht [...]<\/p><\/div><\/div><div class=\"fusion-meta-info\"><div class=\"fusion-alignleft\"><a class=\"fusion-read-more\" href=\"https:\/\/sctf-events.de\/halbmarathon\/2023\/03\/20\/27-hallen-siebenkampf-2023-teamgeist-in-der-rudolf-harbig-halle\/\" aria-label=\"More on 27. Hallen-Siebenkampf 2023 &#8211; Teamgeist in der Rudolf Harbig Halle!\">Weiterlesen<\/a><\/div><\/div><\/div><div class=\"fusion-clearfix\"><\/div><\/div>\n<\/article>\n<article id=\"blog-1-post-2475\" class=\"fusion-post-grid post-2475 post type-post status-publish format-status has-post-thumbnail hentry category-allgemein post_format-post-format-status\">\n<div class=\"fusion-post-wrapper\" style=\"background-color:rgba(255,255,255,0);border:1px solid #ebeaea;border-bottom-width:3px;\">\n\n\t\t\t<div class=\"fusion-flexslider flexslider fusion-flexslider-loading fusion-post-slideshow\" style=\"border-color:#ebeaea;\">\n\t\t<ul class=\"slides\">\n\t\t\t\n\t\t\t\t\t\t\t\t\t\t\t\t\t\t<li><div  class=\"fusion-image-wrapper\" aria-haspopup=\"true\">\n\t\t\t\t<img decoding=\"async\" width=\"1280\" height=\"852\" src=\"https:\/\/sctf-events.de\/halbmarathon\/wp-content\/uploads\/2022\/09\/Halbmarathon_Reinickendorf_2022_Andreas_Schwarz-24.jpg\" class=\"attachment-full size-full lazyload wp-post-image\" alt=\"\" srcset=\"data:image\/svg+xml,%3Csvg%20xmlns%3D%27http%3A%2F%2Fwww.w3.org%2F2000%2Fsvg%27%20width%3D%271280%27%20height%3D%27852%27%20viewBox%3D%270%200%201280%20852%27%3E%3Crect%20width%3D%271280%27%20height%3D%27852%27%20fill-opacity%3D%220%22%2F%3E%3C%2Fsvg%3E\" data-orig-src=\"https:\/\/sctf-events.de\/halbmarathon\/wp-content\/uploads\/2022\/09\/Halbmarathon_Reinickendorf_2022_Andreas_Schwarz-24.jpg\" data-srcset=\"https:\/\/sctf-events.de\/halbmarathon\/wp-content\/uploads\/2022\/09\/Halbmarathon_Reinickendorf_2022_Andreas_Schwarz-24-200x133.jpg 200w, https:\/\/sctf-events.de\/halbmarathon\/wp-content\/uploads\/2022\/09\/Halbmarathon_Reinickendorf_2022_Andreas_Schwarz-24-400x266.jpg 400w, https:\/\/sctf-events.de\/halbmarathon\/wp-content\/uploads\/2022\/09\/Halbmarathon_Reinickendorf_2022_Andreas_Schwarz-24-600x399.jpg 600w, https:\/\/sctf-events.de\/halbmarathon\/wp-content\/uploads\/2022\/09\/Halbmarathon_Reinickendorf_2022_Andreas_Schwarz-24-800x533.jpg 800w, https:\/\/sctf-events.de\/halbmarathon\/wp-content\/uploads\/2022\/09\/Halbmarathon_Reinickendorf_2022_Andreas_Schwarz-24-1200x799.jpg 1200w, https:\/\/sctf-events.de\/halbmarathon\/wp-content\/uploads\/2022\/09\/Halbmarathon_Reinickendorf_2022_Andreas_Schwarz-24.jpg 1280w\" data-sizes=\"auto\" \/><div class=\"fusion-rollover\">\n\t<div class=\"fusion-rollover-content\">\n\n\t\t\t\t\t\t\t\t\t\t\t\t\t\t<a class=\"fusion-rollover-link\" href=\"https:\/\/sctf-events.de\/halbmarathon\/2022\/09\/08\/sommer-sonne-freudentraenen-beim-halbmarathon-berlin-reinickendorf-2022\/\">Sommer, Sonne, Freudentr\u00e4nen beim Halbmarathon Berlin-Reinickendorf 2022<\/a>\n\t\t\t\n\t\t\t\t\t\t\t\t\t\t\t\t\t\t\n\t\t\t\t\t\t\t\t\n\t\t\t\t\t\t\t\t\t\t\t\t\t<div class=\"fusion-rollover-sep\"><\/div>\n\t\t\t\t\n\t\t\t\t\t\t\t\t\t\t\t\t\t\t\t\t\t\t<a class=\"fusion-rollover-gallery\" href=\"https:\/\/sctf-events.de\/halbmarathon\/wp-content\/uploads\/2022\/09\/Halbmarathon_Reinickendorf_2022_Andreas_Schwarz-24.jpg\" data-options=\"\" data-id=\"2475\" data-rel=\"iLightbox[gallery]\" data-title=\"Halbmarathon_Reinickendorf_2022_Andreas_Schwarz-24\" data-caption=\"\">\n\t\t\t\t\t\tGallerie\t\t\t\t\t<\/a>\n\t\t\t\t\t\t\t\t\t\t\t\t\t\t\n\t\t\n\t\t\t\t\t\t\t\t\t\t\t\t<h4 class=\"fusion-rollover-title\">\n\t\t\t\t\t<a class=\"fusion-rollover-title-link\" href=\"https:\/\/sctf-events.de\/halbmarathon\/2022\/09\/08\/sommer-sonne-freudentraenen-beim-halbmarathon-berlin-reinickendorf-2022\/\">\n\t\t\t\t\t\tSommer, Sonne, Freudentr\u00e4nen beim Halbmarathon Berlin-Reinickendorf 2022\t\t\t\t\t<\/a>\n\t\t\t\t<\/h4>\n\t\t\t\n\t\t\t\t\t\t\t\t\t\t<div class=\"fusion-rollover-categories\"><a href=\"https:\/\/sctf-events.de\/halbmarathon\/category\/allgemein\/\" rel=\"tag\">Alle<\/a><\/div>\t\t\t\t\t\n\t\t\n\t\t\t\t\t\t<a class=\"fusion-link-wrapper\" href=\"https:\/\/sctf-events.de\/halbmarathon\/2022\/09\/08\/sommer-sonne-freudentraenen-beim-halbmarathon-berlin-reinickendorf-2022\/\" aria-label=\"Sommer, Sonne, Freudentr\u00e4nen beim Halbmarathon Berlin-Reinickendorf 2022\"><\/a>\n\t<\/div>\n<\/div>\n<\/div>\n<\/li>\n\t\t\t\n\t\t\t\n\t\t\t\t\t\t\t\t\t\t\t\t\t\t\t\t\t\t\t\t\t\t\t\t\t\t\t\t\t\t\t\t\t\t\t\t\t\t\t\t\t\t\t\t\t\t\t\t\t\t\t\t\t\t\t\t\t\t\t\t\t\t\t\t\t\t\t\t<\/ul>\n\t<\/div>\n\t<div class=\"fusion-post-content-wrapper\" style=\"padding:30px 25px 20px 25px;\"><div class=\"fusion-post-content post-content\"><h2 class=\"blog-shortcode-post-title entry-title\"><a href=\"https:\/\/sctf-events.de\/halbmarathon\/2022\/09\/08\/sommer-sonne-freudentraenen-beim-halbmarathon-berlin-reinickendorf-2022\/\">Sommer, Sonne, Freudentr\u00e4nen beim Halbmarathon Berlin-Reinickendorf 2022<\/a><\/h2><p class=\"fusion-single-line-meta\"><span class=\"vcard\" style=\"display: none;\"><span class=\"fn\"><a href=\"https:\/\/sctf-events.de\/halbmarathon\/author\/anika\/\" title=\"Beitr\u00e4ge von Anika\" rel=\"author\">Anika<\/a><\/span><\/span><span class=\"updated\" style=\"display:none;\">2022-09-08T11:19:07+02:00<\/span><span>08.09.22<\/span><span class=\"fusion-inline-sep\">|<\/span><\/p><div class=\"fusion-content-sep sep-double sep-solid\"><\/div><div class=\"fusion-post-content-container\"><p> Nachdem im vergangenen Jahr der Halbmarathon noch von Corona-Einlasskontrollen und dauerhaftem starken Regen gepr\u00e4gt war, sollte es in diesem Jahr unbedingt wieder ganz anders kommen. Und so kam es [...]<\/p><\/div><\/div><div class=\"fusion-meta-info\"><div class=\"fusion-alignleft\"><a class=\"fusion-read-more\" href=\"https:\/\/sctf-events.de\/halbmarathon\/2022\/09\/08\/sommer-sonne-freudentraenen-beim-halbmarathon-berlin-reinickendorf-2022\/\" aria-label=\"More on Sommer, Sonne, Freudentr\u00e4nen beim Halbmarathon Berlin-Reinickendorf 2022\">Weiterlesen<\/a><\/div><\/div><\/div><div class=\"fusion-clearfix\"><\/div><\/div>\n<\/article>\n<article id=\"blog-1-post-1960\" class=\"fusion-post-grid post-1960 post type-post status-publish format-status has-post-thumbnail hentry category-allgemein post_format-post-format-status\">\n<div class=\"fusion-post-wrapper\" style=\"background-color:rgba(255,255,255,0);border:1px solid #ebeaea;border-bottom-width:3px;\">\n\n\t\t\t<div class=\"fusion-flexslider flexslider fusion-flexslider-loading fusion-post-slideshow\" style=\"border-color:#ebeaea;\">\n\t\t<ul class=\"slides\">\n\t\t\t\n\t\t\t\t\t\t\t\t\t\t\t\t\t\t<li><div  class=\"fusion-image-wrapper\" aria-haspopup=\"true\">\n\t\t\t\t<img decoding=\"async\" src=\"data:image\/gif;base64,R0lGODlhAQABAAAAACH5BAEKAAEALAAAAAABAAEAAAICTAEAOw==\" class=\"attachment-full size-full lazyload wp-post-image\" alt=\"\" data-orig-src=\"https:\/\/sctf-events.de\/halbmarathon\/wp-content\/uploads\/2022\/02\/BFL-2019-155-Andreas_Schwarz-2-scaled.jpg\" \/><div class=\"fusion-rollover\">\n\t<div class=\"fusion-rollover-content\">\n\n\t\t\t\t\t\t\t\t\t\t\t\t\t\t<a class=\"fusion-rollover-link\" href=\"https:\/\/sctf-events.de\/halbmarathon\/2022\/01\/25\/auf-die-strecke-fertig-los-cheese-das-gewinnspiel-des-jahres-2022\/\">Auf die Strecke, fertig los &#038; &#8222;cheese&#8220; ! &#8211; das Gewinnspiel des Jahres 2022<\/a>\n\t\t\t\n\t\t\t\t\t\t\t\t\t\t\t\t\t\t\n\t\t\t\t\t\t\t\t\n\t\t\t\t\t\t\t\t\t\t\t\t\t<div class=\"fusion-rollover-sep\"><\/div>\n\t\t\t\t\n\t\t\t\t\t\t\t\t\t\t\t\t\t\t\t\t\t\t<a class=\"fusion-rollover-gallery\" href=\"https:\/\/sctf-events.de\/halbmarathon\/wp-content\/uploads\/2022\/02\/BFL-2019-155-Andreas_Schwarz-2-scaled.jpg\" data-options=\"\" data-id=\"1960\" data-rel=\"iLightbox[gallery]\" data-title=\"BFL 2019 - 155 Andreas_Schwarz\" data-caption=\"\">\n\t\t\t\t\t\tGallerie\t\t\t\t\t<\/a>\n\t\t\t\t\t\t\t\t\t\t\t\t\t\t\n\t\t\n\t\t\t\t\t\t\t\t\t\t\t\t<h4 class=\"fusion-rollover-title\">\n\t\t\t\t\t<a class=\"fusion-rollover-title-link\" href=\"https:\/\/sctf-events.de\/halbmarathon\/2022\/01\/25\/auf-die-strecke-fertig-los-cheese-das-gewinnspiel-des-jahres-2022\/\">\n\t\t\t\t\t\tAuf die Strecke, fertig los &#038; &#8222;cheese&#8220; ! &#8211; das Gewinnspiel des Jahres 2022\t\t\t\t\t<\/a>\n\t\t\t\t<\/h4>\n\t\t\t\n\t\t\t\t\t\t\t\t\t\t<div class=\"fusion-rollover-categories\"><a href=\"https:\/\/sctf-events.de\/halbmarathon\/category\/allgemein\/\" rel=\"tag\">Alle<\/a><\/div>\t\t\t\t\t\n\t\t\n\t\t\t\t\t\t<a class=\"fusion-link-wrapper\" href=\"https:\/\/sctf-events.de\/halbmarathon\/2022\/01\/25\/auf-die-strecke-fertig-los-cheese-das-gewinnspiel-des-jahres-2022\/\" aria-label=\"Auf die Strecke, fertig los &#038; &#8222;cheese&#8220; ! &#8211; das Gewinnspiel des Jahres 2022\"><\/a>\n\t<\/div>\n<\/div>\n<\/div>\n<\/li>\n\t\t\t\n\t\t\t\n\t\t\t\t\t\t\t\t\t\t\t\t\t\t\t\t\t\t\t\t\t\t\t\t\t\t\t\t\t\t\t\t\t\t\t\t\t\t\t\t\t\t\t\t\t\t\t\t\t\t\t\t\t\t\t\t\t\t\t\t\t\t\t\t\t\t\t\t<\/ul>\n\t<\/div>\n\t<div class=\"fusion-post-content-wrapper\" style=\"padding:30px 25px 20px 25px;\"><div class=\"fusion-post-content post-content\"><h2 class=\"blog-shortcode-post-title entry-title\"><a href=\"https:\/\/sctf-events.de\/halbmarathon\/2022\/01\/25\/auf-die-strecke-fertig-los-cheese-das-gewinnspiel-des-jahres-2022\/\">Auf die Strecke, fertig los &#038; &#8222;cheese&#8220; ! &#8211; das Gewinnspiel des Jahres 2022<\/a><\/h2><p class=\"fusion-single-line-meta\"><span class=\"vcard\" style=\"display: none;\"><span class=\"fn\"><a href=\"https:\/\/sctf-events.de\/halbmarathon\/author\/anika\/\" title=\"Beitr\u00e4ge von Anika\" rel=\"author\">Anika<\/a><\/span><\/span><span class=\"updated\" style=\"display:none;\">2022-02-07T15:14:02+01:00<\/span><span>25.01.22<\/span><span class=\"fusion-inline-sep\">|<\/span><\/p><div class=\"fusion-content-sep sep-double sep-solid\"><\/div><div class=\"fusion-post-content-container\"><p>  Liebe Sportfreunde, mit dem Frohnaulauf am Sonntag, den 03. April startet auch f\u00fcr uns die offizielle Laufsaison im Jahr 2022. Um bis dahin in den richtigen Rhythmus der [...]<\/p><\/div><\/div><div class=\"fusion-meta-info\"><div class=\"fusion-alignleft\"><a class=\"fusion-read-more\" href=\"https:\/\/sctf-events.de\/halbmarathon\/2022\/01\/25\/auf-die-strecke-fertig-los-cheese-das-gewinnspiel-des-jahres-2022\/\" aria-label=\"More on Auf die Strecke, fertig los &#038; &#8222;cheese&#8220; ! &#8211; das Gewinnspiel des Jahres 2022\">Weiterlesen<\/a><\/div><\/div><\/div><div class=\"fusion-clearfix\"><\/div><\/div>\n<\/article>\n<article id=\"blog-1-post-1941\" class=\"fusion-post-grid post-1941 post type-post status-publish format-status has-post-thumbnail hentry category-allgemein post_format-post-format-status\">\n<div class=\"fusion-post-wrapper\" style=\"background-color:rgba(255,255,255,0);border:1px solid #ebeaea;border-bottom-width:3px;\">\n\n\t\t\t<div class=\"fusion-flexslider flexslider fusion-flexslider-loading fusion-post-slideshow\" style=\"border-color:#ebeaea;\">\n\t\t<ul class=\"slides\">\n\t\t\t\n\t\t\t\t\t\t\t\t\t\t\t\t\t\t<li><div  class=\"fusion-image-wrapper\" aria-haspopup=\"true\">\n\t\t\t\t<img decoding=\"async\" width=\"2560\" height=\"2560\" src=\"https:\/\/sctf-events.de\/halbmarathon\/wp-content\/uploads\/2022\/01\/Laeufe2022-1-scaled.jpg\" class=\"attachment-full size-full lazyload wp-post-image\" alt=\"\" srcset=\"data:image\/svg+xml,%3Csvg%20xmlns%3D%27http%3A%2F%2Fwww.w3.org%2F2000%2Fsvg%27%20width%3D%272560%27%20height%3D%272560%27%20viewBox%3D%270%200%202560%202560%27%3E%3Crect%20width%3D%272560%27%20height%3D%272560%27%20fill-opacity%3D%220%22%2F%3E%3C%2Fsvg%3E\" data-orig-src=\"https:\/\/sctf-events.de\/halbmarathon\/wp-content\/uploads\/2022\/01\/Laeufe2022-1-scaled.jpg\" data-srcset=\"https:\/\/sctf-events.de\/halbmarathon\/wp-content\/uploads\/2022\/01\/Laeufe2022-1-scaled-200x200.jpg 200w, https:\/\/sctf-events.de\/halbmarathon\/wp-content\/uploads\/2022\/01\/Laeufe2022-1-scaled-400x400.jpg 400w, https:\/\/sctf-events.de\/halbmarathon\/wp-content\/uploads\/2022\/01\/Laeufe2022-1-scaled-600x600.jpg 600w, https:\/\/sctf-events.de\/halbmarathon\/wp-content\/uploads\/2022\/01\/Laeufe2022-1-scaled-800x800.jpg 800w, https:\/\/sctf-events.de\/halbmarathon\/wp-content\/uploads\/2022\/01\/Laeufe2022-1-scaled-1200x1200.jpg 1200w, https:\/\/sctf-events.de\/halbmarathon\/wp-content\/uploads\/2022\/01\/Laeufe2022-1-scaled.jpg 2560w\" data-sizes=\"auto\" \/><div class=\"fusion-rollover\">\n\t<div class=\"fusion-rollover-content\">\n\n\t\t\t\t\t\t\t\t\t\t\t\t\t\t<a class=\"fusion-rollover-link\" href=\"https:\/\/sctf-events.de\/halbmarathon\/2022\/01\/01\/frohes-neues-jahr\/\">Frohes neues Jahr!<\/a>\n\t\t\t\n\t\t\t\t\t\t\t\t\t\t\t\t\t\t\n\t\t\t\t\t\t\t\t\n\t\t\t\t\t\t\t\t\t\t\t\t\t<div class=\"fusion-rollover-sep\"><\/div>\n\t\t\t\t\n\t\t\t\t\t\t\t\t\t\t\t\t\t\t\t\t\t\t<a class=\"fusion-rollover-gallery\" href=\"https:\/\/sctf-events.de\/halbmarathon\/wp-content\/uploads\/2022\/01\/Laeufe2022-1-scaled.jpg\" data-options=\"\" data-id=\"1941\" data-rel=\"iLightbox[gallery]\" data-title=\"L\u00e4ufe2022\" data-caption=\"\">\n\t\t\t\t\t\tGallerie\t\t\t\t\t<\/a>\n\t\t\t\t\t\t\t\t\t\t\t\t\t\t\n\t\t\n\t\t\t\t\t\t\t\t\t\t\t\t<h4 class=\"fusion-rollover-title\">\n\t\t\t\t\t<a class=\"fusion-rollover-title-link\" href=\"https:\/\/sctf-events.de\/halbmarathon\/2022\/01\/01\/frohes-neues-jahr\/\">\n\t\t\t\t\t\tFrohes neues Jahr!\t\t\t\t\t<\/a>\n\t\t\t\t<\/h4>\n\t\t\t\n\t\t\t\t\t\t\t\t\t\t<div class=\"fusion-rollover-categories\"><a href=\"https:\/\/sctf-events.de\/halbmarathon\/category\/allgemein\/\" rel=\"tag\">Alle<\/a><\/div>\t\t\t\t\t\n\t\t\n\t\t\t\t\t\t<a class=\"fusion-link-wrapper\" href=\"https:\/\/sctf-events.de\/halbmarathon\/2022\/01\/01\/frohes-neues-jahr\/\" aria-label=\"Frohes neues Jahr!\"><\/a>\n\t<\/div>\n<\/div>\n<\/div>\n<\/li>\n\t\t\t\n\t\t\t\n\t\t\t\t\t\t\t\t\t\t\t\t\t\t\t\t\t\t\t\t\t\t\t\t\t\t\t\t\t\t\t\t\t\t\t\t\t\t\t\t\t\t\t\t\t\t\t\t\t\t\t\t\t\t\t\t\t\t\t\t\t\t\t\t\t\t\t\t<\/ul>\n\t<\/div>\n\t<div class=\"fusion-post-content-wrapper\" style=\"padding:30px 25px 20px 25px;\"><div class=\"fusion-post-content post-content\"><h2 class=\"blog-shortcode-post-title entry-title\"><a href=\"https:\/\/sctf-events.de\/halbmarathon\/2022\/01\/01\/frohes-neues-jahr\/\">Frohes neues Jahr!<\/a><\/h2><p class=\"fusion-single-line-meta\"><span class=\"vcard\" style=\"display: none;\"><span class=\"fn\"><a href=\"https:\/\/sctf-events.de\/halbmarathon\/author\/wesner\/\" title=\"Beitr\u00e4ge von Marco\" rel=\"author\">Marco<\/a><\/span><\/span><span class=\"updated\" style=\"display:none;\">2022-09-09T15:07:44+02:00<\/span><span>01.01.22<\/span><span class=\"fusion-inline-sep\">|<\/span><\/p><div class=\"fusion-content-sep sep-double sep-solid\"><\/div><div class=\"fusion-post-content-container\"><p> Wir w\u00fcnschen euch ein frohes, gesundes und sportliches neues Jahr! \ud83c\udf89 Damit ihr euch eure Lieblingsl\u00e4ufe schonmal in euren Kalender eintragen k\u00f6nnt, zeigen wir euch hier die \u00dcbersicht unserer [...]<\/p><\/div><\/div><div class=\"fusion-meta-info\"><div class=\"fusion-alignleft\"><a class=\"fusion-read-more\" href=\"https:\/\/sctf-events.de\/halbmarathon\/2022\/01\/01\/frohes-neues-jahr\/\" aria-label=\"More on Frohes neues Jahr!\">Weiterlesen<\/a><\/div><\/div><\/div><div class=\"fusion-clearfix\"><\/div><\/div>\n<\/article>\n<article id=\"blog-1-post-1916\" class=\"fusion-post-grid post-1916 post type-post status-publish format-status has-post-thumbnail hentry category-allgemein post_format-post-format-status\">\n<div class=\"fusion-post-wrapper\" style=\"background-color:rgba(255,255,255,0);border:1px solid #ebeaea;border-bottom-width:3px;\">\n\n\t\t\t<div class=\"fusion-flexslider flexslider fusion-flexslider-loading fusion-post-slideshow\" style=\"border-color:#ebeaea;\">\n\t\t<ul class=\"slides\">\n\t\t\t\n\t\t\t\t\t\t\t\t\t\t\t\t\t\t<li><div  class=\"fusion-image-wrapper\" aria-haspopup=\"true\">\n\t\t\t\t<img decoding=\"async\" width=\"1280\" height=\"854\" src=\"https:\/\/sctf-events.de\/halbmarathon\/wp-content\/uploads\/2021\/09\/HM-Bln-Rnd-2021-202-Andreas_Schwarz.jpg\" class=\"attachment-full size-full lazyload wp-post-image\" alt=\"\" srcset=\"data:image\/svg+xml,%3Csvg%20xmlns%3D%27http%3A%2F%2Fwww.w3.org%2F2000%2Fsvg%27%20width%3D%271280%27%20height%3D%27854%27%20viewBox%3D%270%200%201280%20854%27%3E%3Crect%20width%3D%271280%27%20height%3D%27854%27%20fill-opacity%3D%220%22%2F%3E%3C%2Fsvg%3E\" data-orig-src=\"https:\/\/sctf-events.de\/halbmarathon\/wp-content\/uploads\/2021\/09\/HM-Bln-Rnd-2021-202-Andreas_Schwarz.jpg\" data-srcset=\"https:\/\/sctf-events.de\/halbmarathon\/wp-content\/uploads\/2021\/09\/HM-Bln-Rnd-2021-202-Andreas_Schwarz-200x133.jpg 200w, https:\/\/sctf-events.de\/halbmarathon\/wp-content\/uploads\/2021\/09\/HM-Bln-Rnd-2021-202-Andreas_Schwarz-400x267.jpg 400w, https:\/\/sctf-events.de\/halbmarathon\/wp-content\/uploads\/2021\/09\/HM-Bln-Rnd-2021-202-Andreas_Schwarz-600x400.jpg 600w, https:\/\/sctf-events.de\/halbmarathon\/wp-content\/uploads\/2021\/09\/HM-Bln-Rnd-2021-202-Andreas_Schwarz-800x534.jpg 800w, https:\/\/sctf-events.de\/halbmarathon\/wp-content\/uploads\/2021\/09\/HM-Bln-Rnd-2021-202-Andreas_Schwarz-1200x801.jpg 1200w, https:\/\/sctf-events.de\/halbmarathon\/wp-content\/uploads\/2021\/09\/HM-Bln-Rnd-2021-202-Andreas_Schwarz.jpg 1280w\" data-sizes=\"auto\" \/><div class=\"fusion-rollover\">\n\t<div class=\"fusion-rollover-content\">\n\n\t\t\t\t\t\t\t\t\t\t\t\t\t\t<a class=\"fusion-rollover-link\" href=\"https:\/\/sctf-events.de\/halbmarathon\/2021\/09\/06\/impressionen-vom-22-halbmarathon-berlin-reinickendorf\/\">Impressionen vom 22. Halbmarathon Berlin-Reinickendorf<\/a>\n\t\t\t\n\t\t\t\t\t\t\t\t\t\t\t\t\t\t\n\t\t\t\t\t\t\t\t\n\t\t\t\t\t\t\t\t\t\t\t\t\t<div class=\"fusion-rollover-sep\"><\/div>\n\t\t\t\t\n\t\t\t\t\t\t\t\t\t\t\t\t\t\t\t\t\t\t<a class=\"fusion-rollover-gallery\" href=\"https:\/\/sctf-events.de\/halbmarathon\/wp-content\/uploads\/2021\/09\/HM-Bln-Rnd-2021-202-Andreas_Schwarz.jpg\" data-options=\"\" data-id=\"1916\" data-rel=\"iLightbox[gallery]\" data-title=\"HM Bln-Rnd 2021 - 202 - Andreas_Schwarz\" data-caption=\"\">\n\t\t\t\t\t\tGallerie\t\t\t\t\t<\/a>\n\t\t\t\t\t\t\t\t\t\t\t\t\t\t\n\t\t\n\t\t\t\t\t\t\t\t\t\t\t\t<h4 class=\"fusion-rollover-title\">\n\t\t\t\t\t<a class=\"fusion-rollover-title-link\" href=\"https:\/\/sctf-events.de\/halbmarathon\/2021\/09\/06\/impressionen-vom-22-halbmarathon-berlin-reinickendorf\/\">\n\t\t\t\t\t\tImpressionen vom 22. Halbmarathon Berlin-Reinickendorf\t\t\t\t\t<\/a>\n\t\t\t\t<\/h4>\n\t\t\t\n\t\t\t\t\t\t\t\t\t\t<div class=\"fusion-rollover-categories\"><a href=\"https:\/\/sctf-events.de\/halbmarathon\/category\/allgemein\/\" rel=\"tag\">Alle<\/a><\/div>\t\t\t\t\t\n\t\t\n\t\t\t\t\t\t<a class=\"fusion-link-wrapper\" href=\"https:\/\/sctf-events.de\/halbmarathon\/2021\/09\/06\/impressionen-vom-22-halbmarathon-berlin-reinickendorf\/\" aria-label=\"Impressionen vom 22. Halbmarathon Berlin-Reinickendorf\"><\/a>\n\t<\/div>\n<\/div>\n<\/div>\n<\/li>\n\t\t\t\n\t\t\t\n\t\t\t\t\t\t\t\t\t\t\t\t\t\t\t\t\t\t\t\t\t\t\t\t\t\t\t\t\t\t\t\t\t\t\t\t\t\t\t\t\t\t\t\t\t\t\t\t\t\t\t\t\t\t\t\t\t\t\t\t\t\t\t\t\t\t\t\t<\/ul>\n\t<\/div>\n\t<div class=\"fusion-post-content-wrapper\" style=\"padding:30px 25px 20px 25px;\"><div class=\"fusion-post-content post-content\"><h2 class=\"blog-shortcode-post-title entry-title\"><a href=\"https:\/\/sctf-events.de\/halbmarathon\/2021\/09\/06\/impressionen-vom-22-halbmarathon-berlin-reinickendorf\/\">Impressionen vom 22. Halbmarathon Berlin-Reinickendorf<\/a><\/h2><p class=\"fusion-single-line-meta\"><span class=\"vcard\" style=\"display: none;\"><span class=\"fn\"><a href=\"https:\/\/sctf-events.de\/halbmarathon\/author\/wesner\/\" title=\"Beitr\u00e4ge von Marco\" rel=\"author\">Marco<\/a><\/span><\/span><span class=\"updated\" style=\"display:none;\">2021-09-06T15:07:18+02:00<\/span><span>06.09.21<\/span><span class=\"fusion-inline-sep\">|<\/span><\/p><div class=\"fusion-content-sep sep-double sep-solid\"><\/div><div class=\"fusion-post-content-container\"><p> Dr. Erdmute Nieke hat bei German Road Races ihre Impressionen vom 22. Halbmarathon Berlin-Reinickendorf niedergeschrieben. Diesen lesenswerten Artikel m\u00f6chten wir gerne mit euch teilen. Hier k\u00f6nnt ihr den ganzen [...]<\/p><\/div><\/div><div class=\"fusion-meta-info\"><div class=\"fusion-alignleft\"><a class=\"fusion-read-more\" href=\"https:\/\/sctf-events.de\/halbmarathon\/2021\/09\/06\/impressionen-vom-22-halbmarathon-berlin-reinickendorf\/\" aria-label=\"More on Impressionen vom 22. Halbmarathon Berlin-Reinickendorf\">Weiterlesen<\/a><\/div><\/div><\/div><div class=\"fusion-clearfix\"><\/div><\/div>\n<\/article>\n<article id=\"blog-1-post-1661\" class=\"fusion-post-grid post-1661 post type-post status-publish format-standard has-post-thumbnail hentry category-allgemein\">\n<div class=\"fusion-post-wrapper\" style=\"background-color:rgba(255,255,255,0);border:1px solid #ebeaea;border-bottom-width:3px;\">\n\n\t\t\t<div class=\"fusion-flexslider flexslider fusion-flexslider-loading fusion-post-slideshow\" style=\"border-color:#ebeaea;\">\n\t\t<ul class=\"slides\">\n\t\t\t\n\t\t\t\t\t\t\t\t\t\t\t\t\t\t<li><div  class=\"fusion-image-wrapper\" aria-haspopup=\"true\">\n\t\t\t\t<img decoding=\"async\" width=\"1504\" height=\"1004\" src=\"https:\/\/sctf-events.de\/halbmarathon\/wp-content\/uploads\/2021\/03\/HM-B-R-2021.jpg\" class=\"attachment-full size-full lazyload wp-post-image\" alt=\"\" srcset=\"data:image\/svg+xml,%3Csvg%20xmlns%3D%27http%3A%2F%2Fwww.w3.org%2F2000%2Fsvg%27%20width%3D%271504%27%20height%3D%271004%27%20viewBox%3D%270%200%201504%201004%27%3E%3Crect%20width%3D%271504%27%20height%3D%271004%27%20fill-opacity%3D%220%22%2F%3E%3C%2Fsvg%3E\" data-orig-src=\"https:\/\/sctf-events.de\/halbmarathon\/wp-content\/uploads\/2021\/03\/HM-B-R-2021.jpg\" data-srcset=\"https:\/\/sctf-events.de\/halbmarathon\/wp-content\/uploads\/2021\/03\/HM-B-R-2021-200x134.jpg 200w, https:\/\/sctf-events.de\/halbmarathon\/wp-content\/uploads\/2021\/03\/HM-B-R-2021-400x267.jpg 400w, https:\/\/sctf-events.de\/halbmarathon\/wp-content\/uploads\/2021\/03\/HM-B-R-2021-600x401.jpg 600w, https:\/\/sctf-events.de\/halbmarathon\/wp-content\/uploads\/2021\/03\/HM-B-R-2021-800x534.jpg 800w, https:\/\/sctf-events.de\/halbmarathon\/wp-content\/uploads\/2021\/03\/HM-B-R-2021-1200x801.jpg 1200w, https:\/\/sctf-events.de\/halbmarathon\/wp-content\/uploads\/2021\/03\/HM-B-R-2021.jpg 1504w\" data-sizes=\"auto\" \/><div class=\"fusion-rollover\">\n\t<div class=\"fusion-rollover-content\">\n\n\t\t\t\t\t\t\t\t\t\t\t\t\t\t<a class=\"fusion-rollover-link\" href=\"https:\/\/sctf-events.de\/halbmarathon\/2021\/08\/30\/das-war-der-halbmarathon-berlin-reinickendorf-2021\/\">Das war der Halbmarathon Berlin-Reinickendorf 2021!<\/a>\n\t\t\t\n\t\t\t\t\t\t\t\t\t\t\t\t\t\t\n\t\t\t\t\t\t\t\t\n\t\t\t\t\t\t\t\t\t\t\t\t\t<div class=\"fusion-rollover-sep\"><\/div>\n\t\t\t\t\n\t\t\t\t\t\t\t\t\t\t\t\t\t\t\t\t\t\t<a class=\"fusion-rollover-gallery\" href=\"https:\/\/sctf-events.de\/halbmarathon\/wp-content\/uploads\/2021\/03\/HM-B-R-2021.jpg\" data-options=\"\" data-id=\"1661\" data-rel=\"iLightbox[gallery]\" data-title=\"HM B-R 2021\" data-caption=\"\">\n\t\t\t\t\t\tGallerie\t\t\t\t\t<\/a>\n\t\t\t\t\t\t\t\t\t\t\t\t\t\t\n\t\t\n\t\t\t\t\t\t\t\t\t\t\t\t<h4 class=\"fusion-rollover-title\">\n\t\t\t\t\t<a class=\"fusion-rollover-title-link\" href=\"https:\/\/sctf-events.de\/halbmarathon\/2021\/08\/30\/das-war-der-halbmarathon-berlin-reinickendorf-2021\/\">\n\t\t\t\t\t\tDas war der Halbmarathon Berlin-Reinickendorf 2021!\t\t\t\t\t<\/a>\n\t\t\t\t<\/h4>\n\t\t\t\n\t\t\t\t\t\t\t\t\t\t<div class=\"fusion-rollover-categories\"><a href=\"https:\/\/sctf-events.de\/halbmarathon\/category\/allgemein\/\" rel=\"tag\">Alle<\/a><\/div>\t\t\t\t\t\n\t\t\n\t\t\t\t\t\t<a class=\"fusion-link-wrapper\" href=\"https:\/\/sctf-events.de\/halbmarathon\/2021\/08\/30\/das-war-der-halbmarathon-berlin-reinickendorf-2021\/\" aria-label=\"Das war der Halbmarathon Berlin-Reinickendorf 2021!\"><\/a>\n\t<\/div>\n<\/div>\n<\/div>\n<\/li>\n\t\t\t\n\t\t\t\n\t\t\t\t\t\t\t\t\t\t\t\t\t\t\t\t\t\t\t\t\t\t\t\t\t\t\t\t\t\t\t\t\t\t\t\t\t\t\t\t\t\t\t\t\t\t\t\t\t\t\t\t\t\t\t\t\t\t\t\t\t\t\t\t\t\t\t\t<\/ul>\n\t<\/div>\n\t<div class=\"fusion-post-content-wrapper\" style=\"padding:30px 25px 20px 25px;\"><div class=\"fusion-post-content post-content\"><h2 class=\"blog-shortcode-post-title entry-title\"><a href=\"https:\/\/sctf-events.de\/halbmarathon\/2021\/08\/30\/das-war-der-halbmarathon-berlin-reinickendorf-2021\/\">Das war der Halbmarathon Berlin-Reinickendorf 2021!<\/a><\/h2><p class=\"fusion-single-line-meta\"><span class=\"vcard\" style=\"display: none;\"><span class=\"fn\"><\/span><\/span><span class=\"updated\" style=\"display:none;\">2021-08-30T14:05:17+02:00<\/span><span>30.08.21<\/span><span class=\"fusion-inline-sep\">|<\/span><\/p><div class=\"fusion-content-sep sep-double sep-solid\"><\/div><div class=\"fusion-post-content-container\"><p> Knapp 1000 Laufbegeisterte kamen am Sonntag (29.8.2021) \u2013 nat\u00fcrlich unter Einhaltung der geltenden Hygiene- und Abstandsregeln \u2013 zusammen, um beim 22. Halbmarathon Berlin-Reinickendorf an den Start zu gehen. Auch [...]<\/p><\/div><\/div><div class=\"fusion-meta-info\"><div class=\"fusion-alignleft\"><a class=\"fusion-read-more\" href=\"https:\/\/sctf-events.de\/halbmarathon\/2021\/08\/30\/das-war-der-halbmarathon-berlin-reinickendorf-2021\/\" aria-label=\"More on Das war der Halbmarathon Berlin-Reinickendorf 2021!\">Weiterlesen<\/a><\/div><\/div><\/div><div class=\"fusion-clearfix\"><\/div><\/div>\n<\/article>\n<div class=\"fusion-clearfix\"><\/div><\/div><div class=\"fusion-infinite-scroll-trigger\"><\/div><div class=\"pagination infinite-scroll clearfix\" style=\"display:none;\"><span class=\"current\">1<\/span><a href=\"https:\/\/sctf-events.de\/halbmarathon\/wp-json\/wp\/v2\/pages\/1456\/page\/2\/\" class=\"inactive\">2<\/a><a class=\"pagination-next\" rel=\"next\" href=\"https:\/\/sctf-events.de\/halbmarathon\/wp-json\/wp\/v2\/pages\/1456\/page\/2\/\"><span class=\"page-text\">Vor<\/span><span class=\"page-next\"><\/span><\/a><\/div><div class=\"fusion-clearfix\"><\/div><\/div><div class=\"fusion-clearfix\"><\/div><\/div><\/div><\/div><\/div>\n","protected":false},"excerpt":{"rendered":"","protected":false},"author":8,"featured_media":0,"parent":0,"menu_order":0,"comment_status":"closed","ping_status":"closed","template":"","meta":{"footnotes":""},"class_list":["post-1456","page","type-page","status-publish","hentry"],"yoast_head":"<!-- This site is optimized with the Yoast SEO plugin v27.3 - https:\/\/yoast.com\/product\/yoast-seo-wordpress\/ -->\n<title>News - Halbmarathon Berlin-Reinickendorf<\/title>\n<meta name=\"robots\" content=\"index, follow, max-snippet:-1, max-image-preview:large, max-video-preview:-1\" \/>\n<link rel=\"canonical\" href=\"https:\/\/sctf-events.de\/halbmarathon\/news\/\" \/>\n<meta property=\"og:locale\" content=\"de_DE\" \/>\n<meta property=\"og:type\" content=\"article\" \/>\n<meta property=\"og:title\" content=\"News - Halbmarathon Berlin-Reinickendorf\" \/>\n<meta property=\"og:url\" content=\"https:\/\/sctf-events.de\/halbmarathon\/news\/\" \/>\n<meta property=\"og:site_name\" content=\"Halbmarathon Berlin-Reinickendorf\" \/>\n<meta name=\"twitter:card\" content=\"summary_large_image\" \/>\n<meta name=\"twitter:label1\" content=\"Gesch\u00e4tzte Lesezeit\" \/>\n\t<meta name=\"twitter:data1\" content=\"1\u00a0Minute\" \/>\n<script type=\"application\/ld+json\" class=\"yoast-schema-graph\">{\"@context\":\"https:\\\/\\\/schema.org\",\"@graph\":[{\"@type\":\"WebPage\",\"@id\":\"https:\\\/\\\/sctf-events.de\\\/halbmarathon\\\/news\\\/\",\"url\":\"https:\\\/\\\/sctf-events.de\\\/halbmarathon\\\/news\\\/\",\"name\":\"News - Halbmarathon Berlin-Reinickendorf\",\"isPartOf\":{\"@id\":\"https:\\\/\\\/sctf-events.de\\\/halbmarathon\\\/#website\"},\"datePublished\":\"2021-04-20T12:21:15+00:00\",\"breadcrumb\":{\"@id\":\"https:\\\/\\\/sctf-events.de\\\/halbmarathon\\\/news\\\/#breadcrumb\"},\"inLanguage\":\"de\",\"potentialAction\":[{\"@type\":\"ReadAction\",\"target\":[\"https:\\\/\\\/sctf-events.de\\\/halbmarathon\\\/news\\\/\"]}]},{\"@type\":\"BreadcrumbList\",\"@id\":\"https:\\\/\\\/sctf-events.de\\\/halbmarathon\\\/news\\\/#breadcrumb\",\"itemListElement\":[{\"@type\":\"ListItem\",\"position\":1,\"name\":\"Startseite\",\"item\":\"https:\\\/\\\/sctf-events.de\\\/halbmarathon\\\/\"},{\"@type\":\"ListItem\",\"position\":2,\"name\":\"News\"}]},{\"@type\":\"WebSite\",\"@id\":\"https:\\\/\\\/sctf-events.de\\\/halbmarathon\\\/#website\",\"url\":\"https:\\\/\\\/sctf-events.de\\\/halbmarathon\\\/\",\"name\":\"Halbmarathon Berlin-Reinickendorf\",\"description\":\"\",\"potentialAction\":[{\"@type\":\"SearchAction\",\"target\":{\"@type\":\"EntryPoint\",\"urlTemplate\":\"https:\\\/\\\/sctf-events.de\\\/halbmarathon\\\/?s={search_term_string}\"},\"query-input\":{\"@type\":\"PropertyValueSpecification\",\"valueRequired\":true,\"valueName\":\"search_term_string\"}}],\"inLanguage\":\"de\"}]}<\/script>\n<!-- \/ Yoast SEO plugin. -->","yoast_head_json":{"title":"News - Halbmarathon Berlin-Reinickendorf","robots":{"index":"index","follow":"follow","max-snippet":"max-snippet:-1","max-image-preview":"max-image-preview:large","max-video-preview":"max-video-preview:-1"},"canonical":"https:\/\/sctf-events.de\/halbmarathon\/news\/","og_locale":"de_DE","og_type":"article","og_title":"News - Halbmarathon Berlin-Reinickendorf","og_url":"https:\/\/sctf-events.de\/halbmarathon\/news\/","og_site_name":"Halbmarathon Berlin-Reinickendorf","twitter_card":"summary_large_image","twitter_misc":{"Gesch\u00e4tzte Lesezeit":"1\u00a0Minute"},"schema":{"@context":"https:\/\/schema.org","@graph":[{"@type":"WebPage","@id":"https:\/\/sctf-events.de\/halbmarathon\/news\/","url":"https:\/\/sctf-events.de\/halbmarathon\/news\/","name":"News - Halbmarathon Berlin-Reinickendorf","isPartOf":{"@id":"https:\/\/sctf-events.de\/halbmarathon\/#website"},"datePublished":"2021-04-20T12:21:15+00:00","breadcrumb":{"@id":"https:\/\/sctf-events.de\/halbmarathon\/news\/#breadcrumb"},"inLanguage":"de","potentialAction":[{"@type":"ReadAction","target":["https:\/\/sctf-events.de\/halbmarathon\/news\/"]}]},{"@type":"BreadcrumbList","@id":"https:\/\/sctf-events.de\/halbmarathon\/news\/#breadcrumb","itemListElement":[{"@type":"ListItem","position":1,"name":"Startseite","item":"https:\/\/sctf-events.de\/halbmarathon\/"},{"@type":"ListItem","position":2,"name":"News"}]},{"@type":"WebSite","@id":"https:\/\/sctf-events.de\/halbmarathon\/#website","url":"https:\/\/sctf-events.de\/halbmarathon\/","name":"Halbmarathon Berlin-Reinickendorf","description":"","potentialAction":[{"@type":"SearchAction","target":{"@type":"EntryPoint","urlTemplate":"https:\/\/sctf-events.de\/halbmarathon\/?s={search_term_string}"},"query-input":{"@type":"PropertyValueSpecification","valueRequired":true,"valueName":"search_term_string"}}],"inLanguage":"de"}]}},"_links":{"self":[{"href":"https:\/\/sctf-events.de\/halbmarathon\/wp-json\/wp\/v2\/pages\/1456","targetHints":{"allow":["GET"]}}],"collection":[{"href":"https:\/\/sctf-events.de\/halbmarathon\/wp-json\/wp\/v2\/pages"}],"about":[{"href":"https:\/\/sctf-events.de\/halbmarathon\/wp-json\/wp\/v2\/types\/page"}],"author":[{"embeddable":true,"href":"https:\/\/sctf-events.de\/halbmarathon\/wp-json\/wp\/v2\/users\/8"}],"replies":[{"embeddable":true,"href":"https:\/\/sctf-events.de\/halbmarathon\/wp-json\/wp\/v2\/comments?post=1456"}],"version-history":[{"count":1,"href":"https:\/\/sctf-events.de\/halbmarathon\/wp-json\/wp\/v2\/pages\/1456\/revisions"}],"predecessor-version":[{"id":1457,"href":"https:\/\/sctf-events.de\/halbmarathon\/wp-json\/wp\/v2\/pages\/1456\/revisions\/1457"}],"wp:attachment":[{"href":"https:\/\/sctf-events.de\/halbmarathon\/wp-json\/wp\/v2\/media?parent=1456"}],"curies":[{"name":"wp","href":"https:\/\/api.w.org\/{rel}","templated":true}]}}